{"id":42300,"date":"2025-12-16T12:06:49","date_gmt":"2025-12-16T11:06:49","guid":{"rendered":"https:\/\/tech-light.com.pl\/?page_id=42300"},"modified":"2026-02-19T12:43:10","modified_gmt":"2026-02-19T11:43:10","slug":"beleuchteter-schrank","status":"publish","type":"page","link":"https:\/\/tech-light.com.pl\/de\/beleuchteter-schrank\/","title":{"rendered":"Beleuchteter Schrank"},"content":{"rendered":"<div class=\"wpb-content-wrapper\"><p>[vc_row full_width=&#8220;stretch_row&#8220; bg_overlay_mode=&#8220;image&#8220; bg_overlay_opacity=&#8220;100&#8243; custom_parallax_type=&#8220;vertical_parallax&#8220; custom_parallax_bg_repeat=&#8220;no-repeat&#8220; custom_parallax_speed=&#8220;60&#8243; css=&#8220;.vc_custom_1765877563633{margin-bottom: 0px !important;padding-top: 0px !important;padding-bottom: 0px !important;background-position: center !important;background-repeat: no-repeat !important;background-size: cover !important;}&#8220; custom_parallax_image=&#8220;42253&#8243;][vc_column][vc_empty_space height=&#8220;150px&#8220; el_class=&#8220;mobile-none&#8220;][g5element_heading title=&#8220;Beleuchteter Schrank&#8220; subtitle=&#8220;TECH LIGHT&#8220; tag_html=&#8220;1&#8243; title_typography=&#8220;%7B%22font_family%22%3A%22Syne%22%2C%22font_weight%22%3A%22700%22%2C%22font_style%22%3A%22normal%22%2C%22font_size_lg%22%3A%22%22%2C%22font_size_md%22%3A%2280%22%2C%22font_size_sm%22%3A%22%22%2C%22font_size_xs%22%3A%2240%22%2C%22align%22%3A%22%22%2C%22text_transform%22%3A%22%22%2C%22line_height%22%3A%22%22%2C%22letter_spacing%22%3A%22%22%2C%22color%22%3A%22light%22%2C%22hover_color%22%3A%22light%22%7D&#8220; subtitle_typography=&#8220;%7B%22font_family%22%3A%22Syne%22%2C%22font_weight%22%3A%22400%22%2C%22font_style%22%3A%22normal%22%2C%22font_size_lg%22%3A%2216%22%2C%22font_size_md%22%3A%22%22%2C%22font_size_sm%22%3A%22%22%2C%22font_size_xs%22%3A%22%22%2C%22align%22%3A%22%22%2C%22text_transform%22%3A%22%22%2C%22line_height%22%3A%22%22%2C%22letter_spacing%22%3A%22%22%2C%22color%22%3A%22light%22%2C%22hover_color%22%3A%22light%22%7D&#8220; css_animation=&#8220;fadeInLeft&#8220; css=&#8220;.vc_custom_1765886944443{margin-bottom: 20px !important;padding-top: 15px !important;padding-right: 15px !important;padding-bottom: 15px !important;padding-left: 15px !important;background-color: rgba(0,0,0,0.4) !important;*background-color: rgb(0,0,0) !important;}&#8220;][g5element_button title=&#8220;Muster bestellen&#8220; align=&#8220;left&#8220; css_animation=&#8220;fadeInLeft&#8220; animation_delay=&#8220;0.2&#8243; link=&#8220;url:%23probki&#8220; el_class=&#8220;button_1&#8243;][vc_empty_space height=&#8220;150px&#8220; el_class=&#8220;mobile-none&#8220;][\/vc_column][\/vc_row][vc_row equal_height=&#8220;yes&#8220; content_placement=&#8220;middle&#8220; el_class=&#8220;home_row-2&#8243; css=&#8220;.vc_custom_1748520261799{margin-top: 35px !important;}&#8220;][vc_column width=&#8220;1\/2&#8243;][vc_empty_space height=&#8220;10px&#8220; el_class=&#8220;mobile-none&#8220;][g5element_heading title=&#8220;LED-Profile f\u00fcr Kleiderschr\u00e4nke&#8220; subtitle=&#8220;P8-1, P19-1&#8243; subtitle_typography=&#8220;%7B%22font_family%22%3A%22%22%2C%22font_weight%22%3A%22%22%2C%22font_style%22%3A%22%22%2C%22font_size_lg%22%3A%2214%22%2C%22font_size_md%22%3A%22%22%2C%22font_size_sm%22%3A%22%22%2C%22font_size_xs%22%3A%22%22%2C%22align%22%3A%22%22%2C%22text_transform%22%3A%22%22%2C%22line_height%22%3A%22%22%2C%22letter_spacing%22%3A%22%22%2C%22color%22%3A%22secondary%22%2C%22hover_color%22%3A%22%22%7D&#8220; css=&#8220;.vc_custom_1765887001907{margin-bottom: 34px !important;margin-left: 10px !important;}&#8220;][vc_column_text css=&#8220;.vc_custom_1765887108267{padding-top: 10px !important;padding-right: 10px !important;padding-bottom: 10px !important;padding-left: 10px !important;}&#8220; el_class=&#8220;square_li_item list_two_col&#8220;]<\/p>\n<p data-sourcepos=\"7:1-7:270\">Wir pr\u00e4sentieren Beleuchtungsl\u00f6sungen, die f\u00fcr den Komfort der t\u00e4glichen Nutzung von Schr\u00e4nken und Garderoben entwickelt wurden. Im Rahmen der Kampagne &#8222;Beleuchteter Schrank&#8220; stellen wir zwei Aluminiumprofile P8-1 und P19-1 vor, die Funktionalit\u00e4t mit diskreter Form verbinden. Beide Profile sind in verschiedenen Farbausf\u00fchrungen und L\u00e4ngen erh\u00e4ltlich, was eine Anpassung an konkrete M\u00f6belma\u00dfe erm\u00f6glicht. Es ist ein praktisches Werkzeug f\u00fcr Innenarchitekten und M\u00f6belunternehmen.<\/p>\n<p>[\/vc_column_text][\/vc_column][vc_column width=&#8220;1\/2&#8243;][vc_single_image image=&#8220;42260&#8243; img_size=&#8220;full&#8220; alignment=&#8220;right&#8220; css=&#8220;&#8220; css_animation=&#8220;fadeInRight&#8220; animation_delay=&#8220;0.6&#8243;][\/vc_column][\/vc_row][vc_row full_width=&#8220;stretch_row&#8220; content_placement=&#8220;middle&#8220; el_class=&#8220;home_row-2&#8243; css=&#8220;.vc_custom_1755766781614{margin-top: 35px !important;padding-top: 55px !important;padding-bottom: 55px !important;background-color: #f8f8f8 !important;}&#8220;][vc_column width=&#8220;1\/3&#8243;][vc_single_image image=&#8220;42266&#8243; img_size=&#8220;full&#8220; alignment=&#8220;right&#8220; css=&#8220;&#8220; css_animation=&#8220;fadeInLeft&#8220; animation_delay=&#8220;0.2&#8243;][\/vc_column][vc_column width=&#8220;2\/3&#8243;][g5element_heading title=&#8220;Profilcharakteristika&#8220; subtitle=&#8220;P8-1, P19-1&#8243; subtitle_typography=&#8220;%7B%22font_family%22%3A%22%22%2C%22font_weight%22%3A%22%22%2C%22font_style%22%3A%22%22%2C%22font_size_lg%22%3A%2214%22%2C%22font_size_md%22%3A%22%22%2C%22font_size_sm%22%3A%22%22%2C%22font_size_xs%22%3A%22%22%2C%22align%22%3A%22%22%2C%22text_transform%22%3A%22%22%2C%22line_height%22%3A%22%22%2C%22letter_spacing%22%3A%22%22%2C%22color%22%3A%22secondary%22%2C%22hover_color%22%3A%22%22%7D&#8220; css=&#8220;.vc_custom_1765887117974{margin-bottom: 34px !important;margin-left: 10px !important;}&#8220;][vc_column_text css=&#8220;.vc_custom_1765887368917{padding-top: 10px !important;padding-right: 10px !important;padding-bottom: 10px !important;padding-left: 10px !important;}&#8220; el_class=&#8220;square_li_item&#8220;]<\/p>\n<div class=\"ql-block\" data-block-id=\"block-1e87e8b0-9f0e-4c13-be78-9748fc1e2c59\">\n<div class=\"ql-block\" data-block-id=\"block-e9212a57-9380-4d28-8a67-50d504de244d\">\n<div class=\"ql-block\" data-block-id=\"block-00b95cc0-a042-4a2f-b749-afb9033655dd\">\n<div class=\"ql-block\" data-block-id=\"block-b6c7e908-5e17-4ae9-8d69-6a279eb244c7\"><strong>P8-1<\/strong> ist ein Profil mit quadratischem Querschnitt 18,5 x 18,5 mm, das LED-Streifen mit einer Breite von 13 mm aufnimmt. Die Montage erfolgt mittels Halterungen, und das Profil ist mit f\u00fcnf Abdeckungstypen kompatibel (C1, C4, C11, C13, C22).<\/p>\n<p><strong>P19-1<\/strong> ist eine Konstruktion mit den Abmessungen 25 x 25 mm, angepasst f\u00fcr 19 mm LED-Streifen. Ausgestattet mit einem Rosettenmontagesystem, kompatibel mit den Abdeckungen C1, C4 und C13.<\/p>\n<p>Beide Profile sind aus Aluminium gefertigt, erh\u00e4ltlich in vier Ausf\u00fchrungen: silber eloxiert, wei\u00df, schwarz und graphit lackiert. Standardl\u00e4ngen: 1000-3000 mm, mit der M\u00f6glichkeit der Bestellung von 4000-6000 mm.<\/p><\/div>\n<\/div>\n<\/div>\n<\/div>\n<p>[\/vc_column_text][\/vc_column][\/vc_row][vc_row equal_height=&#8220;yes&#8220; content_placement=&#8220;middle&#8220; el_class=&#8220;home_row-2&#8243; css=&#8220;.vc_custom_1762257656928{padding-top: 55px !important;padding-bottom: 55px !important;}&#8220;][vc_column width=&#8220;1\/2&#8243;][g5element_heading title=&#8220;Anwendung&#8220; subtitle=&#8220;P22-8, P23-8&#8243; subtitle_typography=&#8220;%7B%22font_family%22%3A%22%22%2C%22font_weight%22%3A%22%22%2C%22font_style%22%3A%22%22%2C%22font_size_lg%22%3A%2214%22%2C%22font_size_md%22%3A%22%22%2C%22font_size_sm%22%3A%22%22%2C%22font_size_xs%22%3A%22%22%2C%22align%22%3A%22%22%2C%22text_transform%22%3A%22%22%2C%22line_height%22%3A%22%22%2C%22letter_spacing%22%3A%22%22%2C%22color%22%3A%22secondary%22%2C%22hover_color%22%3A%22%22%7D&#8220; css=&#8220;.vc_custom_1765887495661{margin-bottom: 34px !important;margin-left: 10px !important;}&#8220;][vc_column_text css=&#8220;.vc_custom_1765887542358{padding-top: 10px !important;padding-right: 10px !important;padding-bottom: 10px !important;padding-left: 10px !important;}&#8220; el_class=&#8220;square_li_item&#8220;]<\/p>\n<div class=\"ql-block\" data-block-id=\"block-1e87e8b0-9f0e-4c13-be78-9748fc1e2c59\">\n<div class=\"ql-block\" data-block-id=\"block-a8253d51-c6be-4619-9176-0504bac4d2a5\">\n<div class=\"ql-block\" data-block-id=\"block-33a1365a-3858-496a-91f4-dd5cb2ce9d5c\">\n<div class=\"ql-block\" data-block-id=\"block-49fea42a-b207-4d97-b381-eccffa5e187c\">Die Profile P8-1 und P19-1 wurden haupts\u00e4chlich f\u00fcr die Beleuchtung von Schrank- und Garderobeninnenbereichen entwickelt, wo sie eine gleichm\u00e4\u00dfige Lichtverteilung gew\u00e4hrleisten. P8-1 bew\u00e4hrt sich in schmaleren R\u00e4umen bis zu 80 cm Breite.<\/p>\n<p>Zus\u00e4tzliche Anwendungen umfassen:<\/p><\/div>\n<div class=\"ql-block\" data-block-id=\"block-672cbc22-5d5b-4105-964f-8e29907f00f5\">&#8211; Beleuchtung unter K\u00fcchenschr\u00e4nken<\/div>\n<div class=\"ql-block\" data-block-id=\"block-fe2e931a-2fae-442d-8cac-2848540e5d0e\">&#8211; Beleuchtung von Regalen und B\u00fccherschr\u00e4nken<\/div>\n<div class=\"ql-block\" data-block-id=\"block-d3431702-bb25-45d1-b0d3-49f9d4aa26ae\">&#8211; Akzentuierung von Wandnischen<\/div>\n<div class=\"ql-block\" data-block-id=\"block-3e74a40a-43eb-46d6-b13b-3f2a53ded729\">&#8211; Zusatzbeleuchtung von Badezimmerspiegeln<\/p>\n<p>Die stabf\u00f6rmige Konstruktion beider Profile erleichtert die Kabelf\u00fchrung im Inneren, was sich in der \u00c4sthetik der Installation niederschl\u00e4gt. Die Kompatibilit\u00e4t mit SMD- und COB-Streifen bietet Flexibilit\u00e4t bei der Auswahl der Lichtparameter.<\/p><\/div>\n<\/div>\n<\/div>\n<\/div>\n<p>[\/vc_column_text][\/vc_column][vc_column width=&#8220;1\/2&#8243;][vc_single_image image=&#8220;42279&#8243; img_size=&#8220;full&#8220; alignment=&#8220;right&#8220; css=&#8220;&#8220; css_animation=&#8220;fadeInRight&#8220; animation_delay=&#8220;0.2&#8243;][\/vc_column][\/vc_row][vc_row full_width=&#8220;stretch_row&#8220; content_placement=&#8220;middle&#8220; el_class=&#8220;home_row-2&#8243; css=&#8220;.vc_custom_1734094859558{padding-top: 55px !important;padding-bottom: 55px !important;background-color: #f8f8f8 !important;}&#8220;][vc_column width=&#8220;1\/2&#8243; offset=&#8220;vc_col-md-4&#8243;][vc_single_image image=&#8220;42276&#8243; img_size=&#8220;full&#8220; alignment=&#8220;right&#8220; css=&#8220;&#8220; css_animation=&#8220;fadeInLeft&#8220; animation_delay=&#8220;0.2&#8243;][\/vc_column][vc_column width=&#8220;1\/2&#8243; offset=&#8220;vc_col-md-8&#8243;][g5element_heading title=&#8220;Vorteile&#8220; subtitle=&#8220;P8-1, P19-1&#8243; subtitle_typography=&#8220;%7B%22font_family%22%3A%22%22%2C%22font_weight%22%3A%22%22%2C%22font_style%22%3A%22%22%2C%22font_size_lg%22%3A%2214%22%2C%22font_size_md%22%3A%22%22%2C%22font_size_sm%22%3A%22%22%2C%22font_size_xs%22%3A%22%22%2C%22align%22%3A%22%22%2C%22text_transform%22%3A%22%22%2C%22line_height%22%3A%22%22%2C%22letter_spacing%22%3A%22%22%2C%22color%22%3A%22secondary%22%2C%22hover_color%22%3A%22%22%7D&#8220; css=&#8220;.vc_custom_1765887617771{margin-bottom: 34px !important;margin-left: 10px !important;}&#8220;][vc_column_text css=&#8220;.vc_custom_1765887893496{padding-top: 10px !important;padding-right: 10px !important;padding-bottom: 10px !important;padding-left: 10px !important;}&#8220; el_class=&#8220;square_li_item&#8220;]<\/p>\n<div class=\"ql-block\" data-block-id=\"block-f9764262-fc2f-4f2f-8a4f-b19fcbc9e84a\">\n<div class=\"ql-block\" data-block-id=\"block-ad393dc5-e56f-421c-a082-1efa5272ca3f\">\n<div class=\"ql-block\" data-block-id=\"block-5a8f2c82-1348-47ee-aedc-346b5d345d4d\">\n<div class=\"ql-block\" data-block-id=\"block-291f0698-9f08-4ce5-9893-4704f2ff2094\"><strong>Universelle Montage<\/strong> \u2013 Die Verf\u00fcgbarkeit verschiedener L\u00e4ngen und die M\u00f6glichkeit der ma\u00dfgeschneiderten Anfertigung erm\u00f6glicht eine pr\u00e4zise Anpassung an das Projekt.<\/p>\n<p><strong>Langlebigkeit<\/strong> \u2013 Die Aluminiumkonstruktion gew\u00e4hrleistet Stabilit\u00e4t und W\u00e4rmeableitung, was die Lebensdauer der LED-Streifen verl\u00e4ngert.<\/p>\n<p><strong>\u00c4sthetik<\/strong> \u2013 Vier Farbausf\u00fchrungen und die Auswahl an Abdeckungen erm\u00f6glichen die Anpassung an den Einrichtungsstil.<\/p>\n<p><strong>Praktikabilit\u00e4t<\/strong> \u2013 Die stabf\u00f6rmige Bauweise erleichtert die elektrische Installation, und die kompakten Abmessungen dominieren nicht visuell im Raum.<\/p>\n<p><strong>Kompatibilit\u00e4t<\/strong> \u2013 Die Profile arbeiten mit handels\u00fcblichen LED-Streifen zusammen, was die Planung und Umsetzung von Projekten erleichtert.<\/div>\n<\/div>\n<\/div>\n<\/div>\n<p>[\/vc_column_text][vc_raw_html]JTNDYSUyMGlkJTNEJTIycHJvYmtpJTIyJTJGJTNF[\/vc_raw_html][\/vc_column][\/vc_row][vc_row full_width=&#8220;stretch_row&#8220; bg_overlay_mode=&#8220;image&#8220; bg_overlay_opacity=&#8220;100&#8243; custom_parallax_type=&#8220;fixed&#8220; custom_parallax_bg_repeat=&#8220;no-repeat&#8220; css=&#8220;.vc_custom_1765877667187{padding-top: 50px !important;padding-bottom: 50px !important;background-position: center !important;background-repeat: no-repeat !important;background-size: cover !important;}&#8220; custom_parallax_image=&#8220;42257&#8243;][vc_column width=&#8220;1\/2&#8243; css=&#8220;.vc_custom_1741854381317{padding-top: 50px !important;padding-right: 50px !important;padding-bottom: 50px !important;padding-left: 50px !important;background-color: #ffe001 !important;border-radius: 10px !important;}&#8220;][g5element_heading title=&#8220;Werden Sie Partner von TECH Light&#8220; subtitle=&#8220;Muster bestellen&#8220; subtitle_typography=&#8220;%7B%22font_family%22%3A%22%22%2C%22font_weight%22%3A%22%22%2C%22font_style%22%3A%22%22%2C%22font_size_lg%22%3A%2214%22%2C%22font_size_md%22%3A%22%22%2C%22font_size_sm%22%3A%22%22%2C%22font_size_xs%22%3A%22%22%2C%22align%22%3A%22%22%2C%22text_transform%22%3A%22%22%2C%22line_height%22%3A%22%22%2C%22letter_spacing%22%3A%22%22%2C%22color%22%3A%22dark%22%2C%22hover_color%22%3A%22%22%7D&#8220; css=&#8220;.vc_custom_1771501159885{margin-bottom: 34px !important;margin-left: 10px !important;}&#8220;][vc_column_text css=&#8220;.vc_custom_1765888075380{padding-top: 10px !important;padding-right: 10px !important;padding-bottom: 10px !important;padding-left: 10px !important;}&#8220; el_class=&#8220;square_li_item&#8220;]Wir suchen Gesch\u00e4ftspartner, die an der Entwicklung in der Beleuchtungsbranche interessiert sind. Wir bieten Zugang zur kompletten Linie von Aluminiumprofilen, technische Unterst\u00fctzung sowie Hilfsmaterialien f\u00fcr Planer und Ausf\u00fchrende. Die Registrierung im Partnerprogramm er\u00f6ffnet die M\u00f6glichkeit der Zusammenarbeit bei der Realisierung von Wohn- und Gewerbeprojekten. Wir laden Sie zum Kontakt ein \u2013 gerne beantworten wir Fragen zur Produktspezifikation und zu den Kooperationsbedingungen.[\/vc_column_text]\n<div class=\"wpcf7 no-js\" id=\"wpcf7-f22687-o1\" lang=\"de-DE\" dir=\"ltr\" data-wpcf7-id=\"22687\">\n<div class=\"screen-reader-response\"><p role=\"status\" aria-live=\"polite\" aria-atomic=\"true\"><\/p> <ul><\/ul><\/div>\n<form action=\"\/de\/wp-json\/wp\/v2\/pages\/42300#wpcf7-f22687-o1\" method=\"post\" class=\"wpcf7-form init\" aria-label=\"Kontaktformular\" novalidate=\"novalidate\" data-status=\"init\">\n<fieldset class=\"hidden-fields-container\"><input type=\"hidden\" name=\"_wpcf7\" value=\"22687\" \/><input type=\"hidden\" name=\"_wpcf7_version\" value=\"6.1.4\" \/><input type=\"hidden\" name=\"_wpcf7_locale\" value=\"de_DE\" \/><input type=\"hidden\" name=\"_wpcf7_unit_tag\" value=\"wpcf7-f22687-o1\" \/><input type=\"hidden\" name=\"_wpcf7_container_post\" value=\"0\" \/><input type=\"hidden\" name=\"_wpcf7_posted_data_hash\" value=\"\" \/><input type=\"hidden\" name=\"_wpcf7dtx_version\" value=\"5.0.3\" \/>\n<\/fieldset>\n<p><label style=\"width:100%\"><span class=\"wpcf7-form-control-wrap\" data-name=\"nazwa-firmy\"><input size=\"40\" maxlength=\"100\" class=\"wpcf7-form-control wpcf7-text wpcf7-validates-as-required full-form\" aria-required=\"true\" aria-invalid=\"false\" placeholder=\"Firmenname\" value=\"\" type=\"text\" name=\"nazwa-firmy\" \/><\/span> <\/label><br \/>\n<label style=\"width:100%\"><span class=\"wpcf7-form-control-wrap\" data-name=\"nip-firmy\"><input size=\"40\" maxlength=\"20\" class=\"wpcf7-form-control wpcf7-text wpcf7-validates-as-required full-form\" aria-required=\"true\" aria-invalid=\"false\" placeholder=\"NIP\" value=\"\" type=\"text\" name=\"nip-firmy\" \/><\/span> <\/label><br \/>\n<label style=\"width:100%\"><span class=\"wpcf7-form-control-wrap\" data-name=\"osoba-kontaktowa\"><input size=\"40\" maxlength=\"100\" class=\"wpcf7-form-control wpcf7-text wpcf7-validates-as-required full-form\" aria-required=\"true\" aria-invalid=\"false\" placeholder=\"Ansprechpartner\" value=\"\" type=\"text\" name=\"osoba-kontaktowa\" \/><\/span> <\/label><br \/>\n<label style=\"width:100%\"><span class=\"wpcf7-form-control-wrap\" data-name=\"email\"><input size=\"40\" maxlength=\"100\" class=\"wpcf7-form-control wpcf7-email wpcf7-validates-as-required wpcf7-text wpcf7-validates-as-email full-form\" aria-required=\"true\" aria-invalid=\"false\" placeholder=\"E-Mail\" value=\"\" type=\"email\" name=\"email\" \/><\/span> <\/label><br \/>\n<label style=\"width:100%\"><span class=\"wpcf7-form-control-wrap\" data-name=\"telefon\"><input size=\"40\" maxlength=\"100\" class=\"wpcf7-form-control wpcf7-tel wpcf7-validates-as-required wpcf7-text wpcf7-validates-as-tel full-form\" aria-required=\"true\" aria-invalid=\"false\" placeholder=\"Telefon\" value=\"\" type=\"tel\" name=\"telefon\" \/><\/span> <\/label><br \/>\n<label style=\"width:100%\"><span class=\"wpcf7-form-control-wrap\" data-name=\"obszar-biznesowy\"><select class=\"wpcf7-form-control wpcf7-select wpcf7-validates-as-required full-form\" aria-required=\"true\" aria-invalid=\"false\" name=\"obszar-biznesowy\"><option value=\"\">&#8211; Bitte ausw\u00e4hlen &#8211;<\/option><option value=\"Shop \/ Gro\u00dfhandel\">Shop \/ Gro\u00dfhandel<\/option><option value=\"Architekt\">Architekt<\/option><option value=\"Innenarchitekt\">Innenarchitekt<\/option><option value=\"M\u00f6belhersteller\">M\u00f6belhersteller<\/option><option value=\"Bau-\/Projektunternehmer\">Bau-\/Projektunternehmer<\/option><option value=\"POS \/ Werbung\">POS \/ Werbung<\/option><option value=\"Leuchtenhersteller\">Leuchtenhersteller<\/option><option value=\"Andere\">Andere<\/option><\/select><\/span> <\/label><br \/>\n<span class=\"wpcf7-form-control-wrap url-adres\" data-name=\"url-adres\"><input type=\"hidden\" name=\"url-adres\" class=\"wpcf7-form-control wpcf7-hidden wpcf7dtx wpcf7dtx-hidden\" aria-invalid=\"false\" value=\"https:\/\/tech-light.com.pl\/de\/wp-json\/wp\/v2\/pages\/42300\"><\/span><br \/>\n<span class=\"wpcf7-form-control-wrap\" data-name=\"zgoda\"><span class=\"wpcf7-form-control wpcf7-acceptance optional\"><span class=\"wpcf7-list-item\"><label><input type=\"checkbox\" name=\"zgoda\" value=\"1\" aria-invalid=\"false\" \/><span class=\"wpcf7-list-item-label\">Ich bin mit den Bestimmungen der <a href=\"https:\/\/tech-light.com.pl\/polityka-prywatnosci\/\" target=\"_blank\">Datenschutzerkl\u00e4rung einverstanden<\/a><\/span><\/label><\/span><\/span><\/span>\n<\/p>\n<p><input class=\"wpcf7-form-control wpcf7-submit has-spinner\" type=\"submit\" value=\"Melden Sie sich an\" \/>\n<\/p><div class=\"wpcf7-response-output\" aria-hidden=\"true\"><\/div>\n<\/form>\n<\/div>\n[\/vc_column][vc_column width=&#8220;1\/2&#8243;][\/vc_column][\/vc_row]<\/p>\n<\/div>","protected":false},"excerpt":{"rendered":"<p>[vc_row full_width=&#8220;stretch_row&#8220; bg_overlay_mode=&#8220;image&#8220; bg_overlay_opacity=&#8220;100&#8243; custom_parallax_type=&#8220;vertical_parallax&#8220; custom_parallax_bg_repeat=&#8220;no-repeat&#8220; custom_parallax_speed=&#8220;60&#8243; css=&#8220;.vc_custom_1765877563633{margin-bottom: 0px !important;padding-top: 0px !important;padding-bottom: 0px !important;background-position: center !important;background-repeat: no-repeat !important;background-size: cover !important;}&#8220; custom_parallax_image=&#8220;42253&#8243;][vc_column][vc_empty_space height=&#8220;150px&#8220; el_class=&#8220;mobile-none&#8220;][g5element_heading title=&#8220;Beleuchteter Schrank&#8220; subtitle=&#8220;TECH LIGHT&#8220; tag_html=&#8220;1&#8243; title_typography=&#8220;%7B%22font_family%22%3A%22Syne%22%2C%22font_weight%22%3A%22700%22%2C%22font_style%22%3A%22normal%22%2C%22font_size_lg%22%3A%22%22%2C%22font_size_md%22%3A%2280%22%2C%22font_size_sm%22%3A%22%22%2C%22font_size_xs%22%3A%2240%22%2C%22align%22%3A%22%22%2C%22text_transform%22%3A%22%22%2C%22line_height%22%3A%22%22%2C%22letter_spacing%22%3A%22%22%2C%22color%22%3A%22light%22%2C%22hover_color%22%3A%22light%22%7D&#8220; subtitle_typography=&#8220;%7B%22font_family%22%3A%22Syne%22%2C%22font_weight%22%3A%22400%22%2C%22font_style%22%3A%22normal%22%2C%22font_size_lg%22%3A%2216%22%2C%22font_size_md%22%3A%22%22%2C%22font_size_sm%22%3A%22%22%2C%22font_size_xs%22%3A%22%22%2C%22align%22%3A%22%22%2C%22text_transform%22%3A%22%22%2C%22line_height%22%3A%22%22%2C%22letter_spacing%22%3A%22%22%2C%22color%22%3A%22light%22%2C%22hover_color%22%3A%22light%22%7D&#8220; css_animation=&#8220;fadeInLeft&#8220; css=&#8220;.vc_custom_1765886944443{margin-bottom: 20px !important;padding-top: 15px !important;padding-right: 15px !important;padding-bottom: 15px !important;padding-left: 15px !important;background-color: rgba(0,0,0,0.4) !important;*background-color: rgb(0,0,0) !important;}&#8220;][g5element_button title=&#8220;Muster bestellen&#8220; align=&#8220;left&#8220; css_animation=&#8220;fadeInLeft&#8220; animation_delay=&#8220;0.2&#8243; link=&#8220;url:%23probki&#8220; el_class=&#8220;button_1&#8243;][vc_empty_space height=&#8220;150px&#8220; el_class=&#8220;mobile-none&#8220;][\/vc_column][\/vc_row][vc_row [&hellip;]<\/p>\n","protected":false},"author":13,"featured_media":0,"parent":0,"menu_order":0,"comment_status":"closed","ping_status":"closed","template":"","meta":{"_acf_changed":false,"inline_featured_image":false,"footnotes":""},"class_list":["post-42300","page","type-page","status-publish","hentry"],"acf":[],"yoast_head":"<!-- This site is optimized with the Yoast SEO plugin v26.6 - https:\/\/yoast.com\/wordpress\/plugins\/seo\/ -->\n<title>Beleuchteter Schrank - Tech Light - Profile LED<\/title>\n<meta name=\"robots\" content=\"index, follow, max-snippet:-1, max-image-preview:large, max-video-preview:-1\" \/>\n<link rel=\"canonical\" href=\"https:\/\/tech-light.com.pl\/oswietlona-szafa\/\" \/>\n<meta property=\"og:locale\" content=\"de_DE\" \/>\n<meta property=\"og:type\" content=\"article\" \/>\n<meta property=\"og:title\" content=\"Beleuchteter Schrank - Tech Light - Profile LED\" \/>\n<meta property=\"og:description\" content=\"[vc_row full_width=&#8220;stretch_row&#8220; bg_overlay_mode=&#8220;image&#8220; bg_overlay_opacity=&#8220;100&#8243; custom_parallax_type=&#8220;vertical_parallax&#8220; custom_parallax_bg_repeat=&#8220;no-repeat&#8220; custom_parallax_speed=&#8220;60&#8243; css=&#8220;.vc_custom_1765877563633{margin-bottom: 0px !important;padding-top: 0px !important;padding-bottom: 0px !important;background-position: center !important;background-repeat: no-repeat !important;background-size: cover !important;}&#8220; custom_parallax_image=&#8220;42253&#8243;][vc_column][vc_empty_space height=&#8220;150px&#8220; el_class=&#8220;mobile-none&#8220;][g5element_heading title=&#8220;Beleuchteter Schrank&#8220; subtitle=&#8220;TECH LIGHT&#8220; tag_html=&#8220;1&#8243; title_typography=&#8220;%7B%22font_family%22%3A%22Syne%22%2C%22font_weight%22%3A%22700%22%2C%22font_style%22%3A%22normal%22%2C%22font_size_lg%22%3A%22%22%2C%22font_size_md%22%3A%2280%22%2C%22font_size_sm%22%3A%22%22%2C%22font_size_xs%22%3A%2240%22%2C%22align%22%3A%22%22%2C%22text_transform%22%3A%22%22%2C%22line_height%22%3A%22%22%2C%22letter_spacing%22%3A%22%22%2C%22color%22%3A%22light%22%2C%22hover_color%22%3A%22light%22%7D&#8220; subtitle_typography=&#8220;%7B%22font_family%22%3A%22Syne%22%2C%22font_weight%22%3A%22400%22%2C%22font_style%22%3A%22normal%22%2C%22font_size_lg%22%3A%2216%22%2C%22font_size_md%22%3A%22%22%2C%22font_size_sm%22%3A%22%22%2C%22font_size_xs%22%3A%22%22%2C%22align%22%3A%22%22%2C%22text_transform%22%3A%22%22%2C%22line_height%22%3A%22%22%2C%22letter_spacing%22%3A%22%22%2C%22color%22%3A%22light%22%2C%22hover_color%22%3A%22light%22%7D&#8220; css_animation=&#8220;fadeInLeft&#8220; css=&#8220;.vc_custom_1765886944443{margin-bottom: 20px !important;padding-top: 15px !important;padding-right: 15px !important;padding-bottom: 15px !important;padding-left: 15px !important;background-color: rgba(0,0,0,0.4) !important;*background-color: rgb(0,0,0) !important;}&#8220;][g5element_button title=&#8220;Muster bestellen&#8220; align=&#8220;left&#8220; css_animation=&#8220;fadeInLeft&#8220; animation_delay=&#8220;0.2&#8243; link=&#8220;url:%23probki&#8220; el_class=&#8220;button_1&#8243;][vc_empty_space height=&#8220;150px&#8220; el_class=&#8220;mobile-none&#8220;][\/vc_column][\/vc_row][vc_row [&hellip;]\" \/>\n<meta property=\"og:url\" content=\"https:\/\/tech-light.com.pl\/oswietlona-szafa\/\" \/>\n<meta property=\"og:site_name\" content=\"Tech Light - Profile LED\" \/>\n<meta property=\"article:publisher\" content=\"https:\/\/www.facebook.com\/people\/Tech-Light\/100066483851004\/\" \/>\n<meta property=\"article:modified_time\" content=\"2026-02-19T11:43:10+00:00\" \/>\n<meta property=\"og:image\" content=\"https:\/\/tech-light.com.pl\/wp-content\/uploads\/2024\/04\/tech-light-profile-led.jpg\" \/>\n\t<meta property=\"og:image:width\" content=\"1200\" \/>\n\t<meta property=\"og:image:height\" content=\"675\" \/>\n\t<meta property=\"og:image:type\" content=\"image\/jpeg\" \/>\n<meta name=\"twitter:card\" content=\"summary_large_image\" \/>\n<meta name=\"twitter:label1\" content=\"Gesch\u00e4tzte Lesezeit\" \/>\n\t<meta name=\"twitter:data1\" content=\"4\u00a0Minuten\" \/>\n<script type=\"application\/ld+json\" class=\"yoast-schema-graph\">{\"@context\":\"https:\/\/schema.org\",\"@graph\":[{\"@type\":\"WebPage\",\"@id\":\"https:\/\/tech-light.com.pl\/oswietlona-szafa\/\",\"url\":\"https:\/\/tech-light.com.pl\/oswietlona-szafa\/\",\"name\":\"Beleuchteter Schrank - Tech Light - Profile LED\",\"isPartOf\":{\"@id\":\"https:\/\/tech-light.com.pl\/en\/#website\"},\"datePublished\":\"2025-12-16T11:06:49+00:00\",\"dateModified\":\"2026-02-19T11:43:10+00:00\",\"breadcrumb\":{\"@id\":\"https:\/\/tech-light.com.pl\/oswietlona-szafa\/#breadcrumb\"},\"inLanguage\":\"de\",\"potentialAction\":[{\"@type\":\"ReadAction\",\"target\":[\"https:\/\/tech-light.com.pl\/oswietlona-szafa\/\"]}]},{\"@type\":\"BreadcrumbList\",\"@id\":\"https:\/\/tech-light.com.pl\/oswietlona-szafa\/#breadcrumb\",\"itemListElement\":[{\"@type\":\"ListItem\",\"position\":1,\"name\":\"Strona g\u0142\u00f3wna\",\"item\":\"https:\/\/tech-light.com.pl\/\"},{\"@type\":\"ListItem\",\"position\":2,\"name\":\"Beleuchteter Schrank\"}]},{\"@type\":\"WebSite\",\"@id\":\"https:\/\/tech-light.com.pl\/en\/#website\",\"url\":\"https:\/\/tech-light.com.pl\/en\/\",\"name\":\"Tech Light - Profile LED\",\"description\":\"Rozwi\u0105zania PREMIUM w zasi\u0119gu Twojej r\u0119ki\",\"publisher\":{\"@id\":\"https:\/\/tech-light.com.pl\/en\/#organization\"},\"alternateName\":\"Polski producent Profili LED\",\"potentialAction\":[{\"@type\":\"SearchAction\",\"target\":{\"@type\":\"EntryPoint\",\"urlTemplate\":\"https:\/\/tech-light.com.pl\/en\/?s={search_term_string}\"},\"query-input\":{\"@type\":\"PropertyValueSpecification\",\"valueRequired\":true,\"valueName\":\"search_term_string\"}}],\"inLanguage\":\"de\"},{\"@type\":\"Organization\",\"@id\":\"https:\/\/tech-light.com.pl\/en\/#organization\",\"name\":\"Tech-Light Sp. z o.o.\",\"alternateName\":\"Tech Light - Profile LED\",\"url\":\"https:\/\/tech-light.com.pl\/en\/\",\"logo\":{\"@type\":\"ImageObject\",\"inLanguage\":\"de\",\"@id\":\"https:\/\/tech-light.com.pl\/en\/#\/schema\/logo\/image\/\",\"url\":\"https:\/\/tech-light.com.pl\/wp-content\/uploads\/2024\/04\/tech-light-tl.jpg\",\"contentUrl\":\"https:\/\/tech-light.com.pl\/wp-content\/uploads\/2024\/04\/tech-light-tl.jpg\",\"width\":696,\"height\":696,\"caption\":\"Tech-Light Sp. z o.o.\"},\"image\":{\"@id\":\"https:\/\/tech-light.com.pl\/en\/#\/schema\/logo\/image\/\"},\"sameAs\":[\"https:\/\/www.facebook.com\/people\/Tech-Light\/100066483851004\/\"]}]}<\/script>\n<!-- \/ Yoast SEO plugin. -->","yoast_head_json":{"title":"Beleuchteter Schrank - Tech Light - Profile LED","robots":{"index":"index","follow":"follow","max-snippet":"max-snippet:-1","max-image-preview":"max-image-preview:large","max-video-preview":"max-video-preview:-1"},"canonical":"https:\/\/tech-light.com.pl\/oswietlona-szafa\/","og_locale":"de_DE","og_type":"article","og_title":"Beleuchteter Schrank - Tech Light - Profile LED","og_description":"[vc_row full_width=&#8220;stretch_row&#8220; bg_overlay_mode=&#8220;image&#8220; bg_overlay_opacity=&#8220;100&#8243; custom_parallax_type=&#8220;vertical_parallax&#8220; custom_parallax_bg_repeat=&#8220;no-repeat&#8220; custom_parallax_speed=&#8220;60&#8243; css=&#8220;.vc_custom_1765877563633{margin-bottom: 0px !important;padding-top: 0px !important;padding-bottom: 0px !important;background-position: center !important;background-repeat: no-repeat !important;background-size: cover !important;}&#8220; custom_parallax_image=&#8220;42253&#8243;][vc_column][vc_empty_space height=&#8220;150px&#8220; el_class=&#8220;mobile-none&#8220;][g5element_heading title=&#8220;Beleuchteter Schrank&#8220; subtitle=&#8220;TECH LIGHT&#8220; tag_html=&#8220;1&#8243; title_typography=&#8220;%7B%22font_family%22%3A%22Syne%22%2C%22font_weight%22%3A%22700%22%2C%22font_style%22%3A%22normal%22%2C%22font_size_lg%22%3A%22%22%2C%22font_size_md%22%3A%2280%22%2C%22font_size_sm%22%3A%22%22%2C%22font_size_xs%22%3A%2240%22%2C%22align%22%3A%22%22%2C%22text_transform%22%3A%22%22%2C%22line_height%22%3A%22%22%2C%22letter_spacing%22%3A%22%22%2C%22color%22%3A%22light%22%2C%22hover_color%22%3A%22light%22%7D&#8220; subtitle_typography=&#8220;%7B%22font_family%22%3A%22Syne%22%2C%22font_weight%22%3A%22400%22%2C%22font_style%22%3A%22normal%22%2C%22font_size_lg%22%3A%2216%22%2C%22font_size_md%22%3A%22%22%2C%22font_size_sm%22%3A%22%22%2C%22font_size_xs%22%3A%22%22%2C%22align%22%3A%22%22%2C%22text_transform%22%3A%22%22%2C%22line_height%22%3A%22%22%2C%22letter_spacing%22%3A%22%22%2C%22color%22%3A%22light%22%2C%22hover_color%22%3A%22light%22%7D&#8220; css_animation=&#8220;fadeInLeft&#8220; css=&#8220;.vc_custom_1765886944443{margin-bottom: 20px !important;padding-top: 15px !important;padding-right: 15px !important;padding-bottom: 15px !important;padding-left: 15px !important;background-color: rgba(0,0,0,0.4) !important;*background-color: rgb(0,0,0) !important;}&#8220;][g5element_button title=&#8220;Muster bestellen&#8220; align=&#8220;left&#8220; css_animation=&#8220;fadeInLeft&#8220; animation_delay=&#8220;0.2&#8243; link=&#8220;url:%23probki&#8220; el_class=&#8220;button_1&#8243;][vc_empty_space height=&#8220;150px&#8220; el_class=&#8220;mobile-none&#8220;][\/vc_column][\/vc_row][vc_row [&hellip;]","og_url":"https:\/\/tech-light.com.pl\/oswietlona-szafa\/","og_site_name":"Tech Light - Profile LED","article_publisher":"https:\/\/www.facebook.com\/people\/Tech-Light\/100066483851004\/","article_modified_time":"2026-02-19T11:43:10+00:00","og_image":[{"width":1200,"height":675,"url":"https:\/\/tech-light.com.pl\/wp-content\/uploads\/2024\/04\/tech-light-profile-led.jpg","type":"image\/jpeg"}],"twitter_card":"summary_large_image","twitter_misc":{"Gesch\u00e4tzte Lesezeit":"4\u00a0Minuten"},"schema":{"@context":"https:\/\/schema.org","@graph":[{"@type":"WebPage","@id":"https:\/\/tech-light.com.pl\/oswietlona-szafa\/","url":"https:\/\/tech-light.com.pl\/oswietlona-szafa\/","name":"Beleuchteter Schrank - Tech Light - Profile LED","isPartOf":{"@id":"https:\/\/tech-light.com.pl\/en\/#website"},"datePublished":"2025-12-16T11:06:49+00:00","dateModified":"2026-02-19T11:43:10+00:00","breadcrumb":{"@id":"https:\/\/tech-light.com.pl\/oswietlona-szafa\/#breadcrumb"},"inLanguage":"de","potentialAction":[{"@type":"ReadAction","target":["https:\/\/tech-light.com.pl\/oswietlona-szafa\/"]}]},{"@type":"BreadcrumbList","@id":"https:\/\/tech-light.com.pl\/oswietlona-szafa\/#breadcrumb","itemListElement":[{"@type":"ListItem","position":1,"name":"Strona g\u0142\u00f3wna","item":"https:\/\/tech-light.com.pl\/"},{"@type":"ListItem","position":2,"name":"Beleuchteter Schrank"}]},{"@type":"WebSite","@id":"https:\/\/tech-light.com.pl\/en\/#website","url":"https:\/\/tech-light.com.pl\/en\/","name":"Tech Light - Profile LED","description":"Rozwi\u0105zania PREMIUM w zasi\u0119gu Twojej r\u0119ki","publisher":{"@id":"https:\/\/tech-light.com.pl\/en\/#organization"},"alternateName":"Polski producent Profili LED","potentialAction":[{"@type":"SearchAction","target":{"@type":"EntryPoint","urlTemplate":"https:\/\/tech-light.com.pl\/en\/?s={search_term_string}"},"query-input":{"@type":"PropertyValueSpecification","valueRequired":true,"valueName":"search_term_string"}}],"inLanguage":"de"},{"@type":"Organization","@id":"https:\/\/tech-light.com.pl\/en\/#organization","name":"Tech-Light Sp. z o.o.","alternateName":"Tech Light - Profile LED","url":"https:\/\/tech-light.com.pl\/en\/","logo":{"@type":"ImageObject","inLanguage":"de","@id":"https:\/\/tech-light.com.pl\/en\/#\/schema\/logo\/image\/","url":"https:\/\/tech-light.com.pl\/wp-content\/uploads\/2024\/04\/tech-light-tl.jpg","contentUrl":"https:\/\/tech-light.com.pl\/wp-content\/uploads\/2024\/04\/tech-light-tl.jpg","width":696,"height":696,"caption":"Tech-Light Sp. z o.o."},"image":{"@id":"https:\/\/tech-light.com.pl\/en\/#\/schema\/logo\/image\/"},"sameAs":["https:\/\/www.facebook.com\/people\/Tech-Light\/100066483851004\/"]}]}},"_links":{"self":[{"href":"https:\/\/tech-light.com.pl\/de\/wp-json\/wp\/v2\/pages\/42300","targetHints":{"allow":["GET"]}}],"collection":[{"href":"https:\/\/tech-light.com.pl\/de\/wp-json\/wp\/v2\/pages"}],"about":[{"href":"https:\/\/tech-light.com.pl\/de\/wp-json\/wp\/v2\/types\/page"}],"author":[{"embeddable":true,"href":"https:\/\/tech-light.com.pl\/de\/wp-json\/wp\/v2\/users\/13"}],"replies":[{"embeddable":true,"href":"https:\/\/tech-light.com.pl\/de\/wp-json\/wp\/v2\/comments?post=42300"}],"version-history":[{"count":6,"href":"https:\/\/tech-light.com.pl\/de\/wp-json\/wp\/v2\/pages\/42300\/revisions"}],"predecessor-version":[{"id":42687,"href":"https:\/\/tech-light.com.pl\/de\/wp-json\/wp\/v2\/pages\/42300\/revisions\/42687"}],"wp:attachment":[{"href":"https:\/\/tech-light.com.pl\/de\/wp-json\/wp\/v2\/media?parent=42300"}],"curies":[{"name":"wp","href":"https:\/\/api.w.org\/{rel}","templated":true}]}}